{"id":1154,"date":"2018-01-30T15:45:24","date_gmt":"2018-01-30T14:45:24","guid":{"rendered":"http:\/\/www.dorstener-tafel.de\/?page_id=1154"},"modified":"2024-12-16T16:27:33","modified_gmt":"2024-12-16T15:27:33","slug":"mitarbeiter-innen-gesucht","status":"publish","type":"page","link":"https:\/\/www.dorstener-tafel.de\/?page_id=1154","title":{"rendered":"Mitarbeiter\/innen gesucht!"},"content":{"rendered":"<p><a href=\"http:\/\/www.kvg-dorsten.de\/dorstener-tafel\/wordpress\/wp-content\/uploads\/2018\/01\/2018-01-30-Kfz-mitmachen-Image1.jpg\"><img loading=\"lazy\" decoding=\"async\" class=\"alignnone wp-image-1155 size-full\" src=\"http:\/\/www.kvg-dorsten.de\/dorstener-tafel\/wordpress\/wp-content\/uploads\/2018\/01\/2018-01-30-Kfz-mitmachen-Image1.jpg\" alt=\"\" width=\"1259\" height=\"498\" srcset=\"https:\/\/www.kvg-dorsten.de\/dorstener-tafel\/wordpress\/wp-content\/uploads\/2018\/01\/2018-01-30-Kfz-mitmachen-Image1.jpg 1259w, https:\/\/www.kvg-dorsten.de\/dorstener-tafel\/wordpress\/wp-content\/uploads\/2018\/01\/2018-01-30-Kfz-mitmachen-Image1-300x119.jpg 300w, https:\/\/www.kvg-dorsten.de\/dorstener-tafel\/wordpress\/wp-content\/uploads\/2018\/01\/2018-01-30-Kfz-mitmachen-Image1-768x304.jpg 768w, https:\/\/www.kvg-dorsten.de\/dorstener-tafel\/wordpress\/wp-content\/uploads\/2018\/01\/2018-01-30-Kfz-mitmachen-Image1-1024x405.jpg 1024w\" sizes=\"auto, (max-width: 1259px) 100vw, 1259px\" \/><\/a><\/p>\n<h2><strong>Wir suchen:<\/strong><\/h2>\n<p><strong>\u00a0<\/strong><\/p>\n<p>&nbsp;<\/p>\n<p><strong>Fahrer\/innen und Beifahrer\/innen<br \/>\n<\/strong><strong>Ihre Aufgabe<\/strong>: An jedem Vormittag (auch samstags) fahren ein Fahrer und ein Beifahrer die Lebensmittelgesch\u00e4fte, Discounter und B\u00e4ckereien in Dorsten an, um dort Waren abzuholen und in den TAFEL-Laden zu bringen. Diese Lebensmittel stehen in der Regel kurz vor dem MHD stehen (zu k\u00fchlende Lebensmittel), etwas angesto\u00dfen (Obst &amp; Gem\u00fcse) oder &#8218;von gestern&#8216; sind (Backwaren).). Das Zeitfenster f\u00fcr Fahrer: Abfahrt um 7 Uhr, R\u00fcckkehr je nach Wareneingang zwischen 12 und 13 Uhr.<\/p>\n<p><strong>Ihre Qualifikation<\/strong>: Freundliches Auftreten, Teamf\u00e4hig<\/p>\n<p><a href=\"http:\/\/www.kvg-dorsten.de\/dorstener-tafel\/wordpress\/wp-content\/uploads\/2017\/06\/DSC06106-1.jpg\"><img loading=\"lazy\" decoding=\"async\" class=\"alignnone wp-image-941\" src=\"http:\/\/www.kvg-dorsten.de\/dorstener-tafel\/wordpress\/wp-content\/uploads\/2017\/06\/DSC06106-1.jpg\" alt=\"\" width=\"1015\" height=\"634\" srcset=\"https:\/\/www.kvg-dorsten.de\/dorstener-tafel\/wordpress\/wp-content\/uploads\/2017\/06\/DSC06106-1.jpg 2763w, https:\/\/www.kvg-dorsten.de\/dorstener-tafel\/wordpress\/wp-content\/uploads\/2017\/06\/DSC06106-1-300x187.jpg 300w, https:\/\/www.kvg-dorsten.de\/dorstener-tafel\/wordpress\/wp-content\/uploads\/2017\/06\/DSC06106-1-768x480.jpg 768w, https:\/\/www.kvg-dorsten.de\/dorstener-tafel\/wordpress\/wp-content\/uploads\/2017\/06\/DSC06106-1-1024x640.jpg 1024w\" sizes=\"auto, (max-width: 1015px) 100vw, 1015px\" \/><\/a>keit, belastbare R\u00fcckenmuskulatur und &#8211; f\u00fcr Fahrer &#8211; ein passender F\u00fchrerschein.<\/p>\n<p><strong>Lebensmittel-Sortierer\/innen<\/strong><br \/>\n<strong>Ihre Aufgabe<\/strong>: Sie kontrollieren, sortieren und verpacken die angelieferten Lebensmittel t\u00e4glich, auch samstags in der Zeit von 9 bis 13 Uhr (je nach Wareneingang)\u00a0 an Vormittagen und bereiten sie so f\u00fcr den Verkauf vor.<br \/>\n<strong>Ihre Qualifikation<\/strong>: Teamf\u00e4higkeit und Augen, die noch gutes Obst und Gem\u00fcse von nicht mehr gutem unterscheiden k\u00f6nnen.<\/p>\n<p><strong>Verk\u00e4ufer\/innen im Dorstener Laden<\/strong><br \/>\n<strong>Ihre Aufgabe<\/strong>: Montags, mittwochs oder freitags zwischen etwa 14:30 Uhr und 18:00 Uhr verkaufen Sie die Waren f\u00fcr kleines Geld an unsere Kunden und beraten sie.<br \/>\n<strong>Ihre Qualifikation<\/strong>: Teamf\u00e4higkeit,\u00a0 Freundlichkeit und Durchsetzungsf\u00e4higkeit, Bereitschaft, sich auf andere Menschen mit ihren jeweiligen kulturellen und sozialen Hintergr\u00fcnden einzulassen.<\/p>\n<p><a href=\"http:\/\/www.kvg-dorsten.de\/dorstener-tafel\/wordpress\/wp-content\/uploads\/2016\/10\/2016-10-14-head-tafel.jpg\"><img loading=\"lazy\" decoding=\"async\" class=\"alignnone size-full wp-image-742\" src=\"http:\/\/www.kvg-dorsten.de\/dorstener-tafel\/wordpress\/wp-content\/uploads\/2016\/10\/2016-10-14-head-tafel.jpg\" alt=\"\" width=\"645\" height=\"290\" srcset=\"https:\/\/www.kvg-dorsten.de\/dorstener-tafel\/wordpress\/wp-content\/uploads\/2016\/10\/2016-10-14-head-tafel.jpg 645w, https:\/\/www.kvg-dorsten.de\/dorstener-tafel\/wordpress\/wp-content\/uploads\/2016\/10\/2016-10-14-head-tafel-300x135.jpg 300w\" sizes=\"auto, (max-width: 645px) 100vw, 645px\" \/><\/a><\/p>\n<h3>Wir sind &#8230;<\/h3>\n<p>&#8230; ein unabh\u00e4ngiger eingetragener Verein, der seit 2003 die Not Bed\u00fcrftiger zu lindern sucht und dabei ungez\u00e4hlt viele Tonnen noch verbrauchsf\u00e4higer Lebensmittel vor der Vernichtung bewahrt hat. Dabei sind wir Mitglied im Dachverband <a href=\"http:\/\/www.tafel.de\">&#8218;Tafel Deutschland&#8216;,<\/a> in dem \u00fcber 930 \u00f6rtliche Tafeln verbunden sind.<\/p>\n<p>T\u00e4glich werden die Waren in den Gesch\u00e4ften abgeholt, nahezu alle Dorstener Lebensmittelh\u00e4ndler und B\u00e4ckereien unterst\u00fctzen uns.<\/p>\n<p>Beim &#8218;Mittagstisch Altstadt&#8216; im evangelischen Gemeindehaus am S\u00fcdwall 5 kocht unser Team mittwochs ein reichhaltiges und abwechslungsreiches Mittagessen f\u00fcr Menschen, die sich aufgrund finanzieller oder anderer Notsituationen keine warme Mahlzeit leisten k\u00f6nnen.<\/p>\n<p><a href=\"http:\/\/www.kvg-dorsten.de\/dorstener-tafel\/wordpress\/wp-content\/uploads\/2017\/01\/Logo-neu-003-Obst-Gem\u00fcse.png\"><img loading=\"lazy\" decoding=\"async\" class=\"alignnone size-full wp-image-882\" src=\"http:\/\/www.kvg-dorsten.de\/dorstener-tafel\/wordpress\/wp-content\/uploads\/2017\/01\/Logo-neu-003-Obst-Gem\u00fcse.png\" alt=\"\" width=\"8472\" height=\"2235\" srcset=\"https:\/\/www.kvg-dorsten.de\/dorstener-tafel\/wordpress\/wp-content\/uploads\/2017\/01\/Logo-neu-003-Obst-Gem\u00fcse.png 8472w, https:\/\/www.kvg-dorsten.de\/dorstener-tafel\/wordpress\/wp-content\/uploads\/2017\/01\/Logo-neu-003-Obst-Gem\u00fcse-300x79.png 300w, https:\/\/www.kvg-dorsten.de\/dorstener-tafel\/wordpress\/wp-content\/uploads\/2017\/01\/Logo-neu-003-Obst-Gem\u00fcse-768x203.png 768w, https:\/\/www.kvg-dorsten.de\/dorstener-tafel\/wordpress\/wp-content\/uploads\/2017\/01\/Logo-neu-003-Obst-Gem\u00fcse-1024x270.png 1024w\" sizes=\"auto, (max-width: 8472px) 100vw, 8472px\" \/><\/a><\/p>\n<h3><strong>Wir w\u00fcnschen uns &#8230;<\/strong><\/h3>\n<p>&#8230;aufgeschlossene, freundliche, verl\u00e4ssliche und teamf\u00e4hige Mitarbeiter\/innen, die bereit sind, einige Stunden pro Woche unsere Arbeit mitzutragen (<strong>Zeit und Umfang Ihrer Mitarbeit bestimmen Sie selbst!<\/strong>).<\/p>\n<h3>Wir bieten Ihnen &#8230;<\/h3>\n<p>&#8230; eine sinnvolle, attraktive aber wenig lukrative\u00a0 Freizeitbesch\u00e4ftigung unter dem Tafel-Motto &#8218;Lebensmittel retten. Menschen helfen.&#8216;<br \/>\nDabei arbeiten Sie rein ehrenamtlich und ohne jede Aufwandsentsch\u00e4digung.<\/p>\n<p><a href=\"http:\/\/www.kvg-dorsten.de\/dorstener-tafel\/wordpress\/wp-content\/uploads\/2015\/10\/Junge_Tafel_Poster_A3-1-1200.jpg\"><img loading=\"lazy\" decoding=\"async\" class=\"aligncenter wp-image-481\" src=\"http:\/\/www.kvg-dorsten.de\/dorstener-tafel\/wordpress\/wp-content\/uploads\/2015\/10\/Junge_Tafel_Poster_A3-1-1200.jpg\" alt=\"\" width=\"640\" height=\"803\" srcset=\"https:\/\/www.kvg-dorsten.de\/dorstener-tafel\/wordpress\/wp-content\/uploads\/2015\/10\/Junge_Tafel_Poster_A3-1-1200.jpg 1200w, https:\/\/www.kvg-dorsten.de\/dorstener-tafel\/wordpress\/wp-content\/uploads\/2015\/10\/Junge_Tafel_Poster_A3-1-1200-239x300.jpg 239w, https:\/\/www.kvg-dorsten.de\/dorstener-tafel\/wordpress\/wp-content\/uploads\/2015\/10\/Junge_Tafel_Poster_A3-1-1200-816x1024.jpg 816w\" sizes=\"auto, (max-width: 640px) 100vw, 640px\" \/><\/a><\/p>\n<h3>Wir freuen uns auf Sie!<\/h3>\n<p><strong>Kontakt zu unseren Einrichtungen:<\/strong><\/p>\n<p style=\"text-align: left;\"><strong>Dorstener Laden:<\/strong><br \/>\nTel.: 0 23 62 \/ 99 89 430<\/p>\n<p style=\"text-align: left;\"><u>\u00d6ffnungszeiten:<\/u><u><\/u><\/p>\n<p style=\"text-align: left;\">Montag bis Samstag\u00a0\u00a0\u00a0\u00a0\u00a0\u00a0\u00a0\u00a0\u00a0\u00a0\u00a0\u00a0\u00a0\u00a0\u00a0\u00a0\u00a0 \u00a0\u00a0\u00a0\u00a0 zwischen 9 und ca. 12:30 Uhr.<br \/>\nMontag, Mittwoch und Freitag \u00a0\u00a0 verkaufsoffen von 15 bis 17 Uhr. Die Mitarbeiterinnen und Mitarbeiter sind ab 14 Uhr vor Ort.<\/p>\n<p style=\"text-align: left;\" align=\"center\">Alleestr. 17<br \/>\n46282 Dorsten<\/p>\n<hr \/>\n<p><strong>Mittagstisch in der Altstadt<\/strong><\/p>\n<p>Gemeindezentrum \/ Gemeindeb\u00fcro<br \/>\nS\u00fcdwall 5<br \/>\n46282 Dorsten<\/p>\n<p>Frau Ingrid Winkel<br \/>\nTel.: 02362 \/ 2 46 98<\/p>\n<p>\u00d6ffnungszeiten<br \/>\nMittwoch<br \/>\nvon 12.30 Uhr bis 13.30 Uhr<\/p>\n<hr \/>\n<p>&nbsp;<\/p>\n","protected":false},"excerpt":{"rendered":"<p>Wir suchen: \u00a0 &nbsp; Fahrer\/innen und Beifahrer\/innen Ihre Aufgabe: An jedem Vormittag (auch samstags) fahren ein Fahrer und ein Beifahrer [&hellip;]<\/p>\n","protected":false},"author":1,"featured_media":0,"parent":0,"menu_order":0,"comment_status":"closed","ping_status":"closed","template":"","meta":{"footnotes":""},"class_list":["post-1154","page","type-page","status-publish","hentry"],"yoast_head":"<!-- This site is optimized with the Yoast SEO plugin v26.8 - https:\/\/yoast.com\/product\/yoast-seo-wordpress\/ -->\n<title>Mitarbeiter\/innen gesucht! - Home | Tafel Dorsten<\/title>\n<meta name=\"robots\" content=\"index, follow, max-snippet:-1, max-image-preview:large, max-video-preview:-1\" \/>\n<link rel=\"canonical\" href=\"https:\/\/www.dorstener-tafel.de\/?page_id=1154\" \/>\n<meta property=\"og:locale\" content=\"de_DE\" \/>\n<meta property=\"og:type\" content=\"article\" \/>\n<meta property=\"og:title\" content=\"Mitarbeiter\/innen gesucht! - Home | Tafel Dorsten\" \/>\n<meta property=\"og:description\" content=\"Wir suchen: \u00a0 &nbsp; Fahrer\/innen und Beifahrer\/innen Ihre Aufgabe: An jedem Vormittag (auch samstags) fahren ein Fahrer und ein Beifahrer [&hellip;]\" \/>\n<meta property=\"og:url\" content=\"https:\/\/www.dorstener-tafel.de\/?page_id=1154\" \/>\n<meta property=\"og:site_name\" content=\"Home | Tafel Dorsten\" \/>\n<meta property=\"article:publisher\" content=\"https:\/\/www.facebook.com\/Dorstener-Tafel-eV-710109832448127\/\" \/>\n<meta property=\"article:modified_time\" content=\"2024-12-16T15:27:33+00:00\" \/>\n<meta property=\"og:image\" content=\"https:\/\/www.kvg-dorsten.de\/dorstener-tafel\/wordpress\/wp-content\/uploads\/2018\/01\/2018-01-30-Kfz-mitmachen-Image1.jpg\" \/>\n\t<meta property=\"og:image:width\" content=\"1259\" \/>\n\t<meta property=\"og:image:height\" content=\"498\" \/>\n\t<meta property=\"og:image:type\" content=\"image\/jpeg\" \/>\n<meta name=\"twitter:card\" content=\"summary_large_image\" \/>\n<meta name=\"twitter:label1\" content=\"Gesch\u00e4tzte Lesezeit\" \/>\n\t<meta name=\"twitter:data1\" content=\"4\u00a0Minuten\" \/>\n<script type=\"application\/ld+json\" class=\"yoast-schema-graph\">{\"@context\":\"https:\/\/schema.org\",\"@graph\":[{\"@type\":\"WebPage\",\"@id\":\"https:\/\/www.dorstener-tafel.de\/?page_id=1154\",\"url\":\"https:\/\/www.dorstener-tafel.de\/?page_id=1154\",\"name\":\"Mitarbeiter\/innen gesucht! - Home | Tafel Dorsten\",\"isPartOf\":{\"@id\":\"https:\/\/www.dorstener-tafel.de\/#website\"},\"primaryImageOfPage\":{\"@id\":\"https:\/\/www.dorstener-tafel.de\/?page_id=1154#primaryimage\"},\"image\":{\"@id\":\"https:\/\/www.dorstener-tafel.de\/?page_id=1154#primaryimage\"},\"thumbnailUrl\":\"http:\/\/www.kvg-dorsten.de\/dorstener-tafel\/wordpress\/wp-content\/uploads\/2018\/01\/2018-01-30-Kfz-mitmachen-Image1.jpg\",\"datePublished\":\"2018-01-30T14:45:24+00:00\",\"dateModified\":\"2024-12-16T15:27:33+00:00\",\"breadcrumb\":{\"@id\":\"https:\/\/www.dorstener-tafel.de\/?page_id=1154#breadcrumb\"},\"inLanguage\":\"de\",\"potentialAction\":[{\"@type\":\"ReadAction\",\"target\":[\"https:\/\/www.dorstener-tafel.de\/?page_id=1154\"]}]},{\"@type\":\"ImageObject\",\"inLanguage\":\"de\",\"@id\":\"https:\/\/www.dorstener-tafel.de\/?page_id=1154#primaryimage\",\"url\":\"http:\/\/www.kvg-dorsten.de\/dorstener-tafel\/wordpress\/wp-content\/uploads\/2018\/01\/2018-01-30-Kfz-mitmachen-Image1.jpg\",\"contentUrl\":\"http:\/\/www.kvg-dorsten.de\/dorstener-tafel\/wordpress\/wp-content\/uploads\/2018\/01\/2018-01-30-Kfz-mitmachen-Image1.jpg\"},{\"@type\":\"BreadcrumbList\",\"@id\":\"https:\/\/www.dorstener-tafel.de\/?page_id=1154#breadcrumb\",\"itemListElement\":[{\"@type\":\"ListItem\",\"position\":1,\"name\":\"Home\",\"item\":\"https:\/\/www.dorstener-tafel.de\/\"},{\"@type\":\"ListItem\",\"position\":2,\"name\":\"Mitarbeiter\/innen gesucht!\"}]},{\"@type\":\"WebSite\",\"@id\":\"https:\/\/www.dorstener-tafel.de\/#website\",\"url\":\"https:\/\/www.dorstener-tafel.de\/\",\"name\":\"Home | Tafel Dorsten\",\"description\":\"\",\"potentialAction\":[{\"@type\":\"SearchAction\",\"target\":{\"@type\":\"EntryPoint\",\"urlTemplate\":\"https:\/\/www.dorstener-tafel.de\/?s={search_term_string}\"},\"query-input\":{\"@type\":\"PropertyValueSpecification\",\"valueRequired\":true,\"valueName\":\"search_term_string\"}}],\"inLanguage\":\"de\"}]}<\/script>\n<!-- \/ Yoast SEO plugin. -->","yoast_head_json":{"title":"Mitarbeiter\/innen gesucht! - Home | Tafel Dorsten","robots":{"index":"index","follow":"follow","max-snippet":"max-snippet:-1","max-image-preview":"max-image-preview:large","max-video-preview":"max-video-preview:-1"},"canonical":"https:\/\/www.dorstener-tafel.de\/?page_id=1154","og_locale":"de_DE","og_type":"article","og_title":"Mitarbeiter\/innen gesucht! - Home | Tafel Dorsten","og_description":"Wir suchen: \u00a0 &nbsp; Fahrer\/innen und Beifahrer\/innen Ihre Aufgabe: An jedem Vormittag (auch samstags) fahren ein Fahrer und ein Beifahrer [&hellip;]","og_url":"https:\/\/www.dorstener-tafel.de\/?page_id=1154","og_site_name":"Home | Tafel Dorsten","article_publisher":"https:\/\/www.facebook.com\/Dorstener-Tafel-eV-710109832448127\/","article_modified_time":"2024-12-16T15:27:33+00:00","og_image":[{"width":1259,"height":498,"url":"https:\/\/www.kvg-dorsten.de\/dorstener-tafel\/wordpress\/wp-content\/uploads\/2018\/01\/2018-01-30-Kfz-mitmachen-Image1.jpg","type":"image\/jpeg"}],"twitter_card":"summary_large_image","twitter_misc":{"Gesch\u00e4tzte Lesezeit":"4\u00a0Minuten"},"schema":{"@context":"https:\/\/schema.org","@graph":[{"@type":"WebPage","@id":"https:\/\/www.dorstener-tafel.de\/?page_id=1154","url":"https:\/\/www.dorstener-tafel.de\/?page_id=1154","name":"Mitarbeiter\/innen gesucht! - Home | Tafel Dorsten","isPartOf":{"@id":"https:\/\/www.dorstener-tafel.de\/#website"},"primaryImageOfPage":{"@id":"https:\/\/www.dorstener-tafel.de\/?page_id=1154#primaryimage"},"image":{"@id":"https:\/\/www.dorstener-tafel.de\/?page_id=1154#primaryimage"},"thumbnailUrl":"http:\/\/www.kvg-dorsten.de\/dorstener-tafel\/wordpress\/wp-content\/uploads\/2018\/01\/2018-01-30-Kfz-mitmachen-Image1.jpg","datePublished":"2018-01-30T14:45:24+00:00","dateModified":"2024-12-16T15:27:33+00:00","breadcrumb":{"@id":"https:\/\/www.dorstener-tafel.de\/?page_id=1154#breadcrumb"},"inLanguage":"de","potentialAction":[{"@type":"ReadAction","target":["https:\/\/www.dorstener-tafel.de\/?page_id=1154"]}]},{"@type":"ImageObject","inLanguage":"de","@id":"https:\/\/www.dorstener-tafel.de\/?page_id=1154#primaryimage","url":"http:\/\/www.kvg-dorsten.de\/dorstener-tafel\/wordpress\/wp-content\/uploads\/2018\/01\/2018-01-30-Kfz-mitmachen-Image1.jpg","contentUrl":"http:\/\/www.kvg-dorsten.de\/dorstener-tafel\/wordpress\/wp-content\/uploads\/2018\/01\/2018-01-30-Kfz-mitmachen-Image1.jpg"},{"@type":"BreadcrumbList","@id":"https:\/\/www.dorstener-tafel.de\/?page_id=1154#breadcrumb","itemListElement":[{"@type":"ListItem","position":1,"name":"Home","item":"https:\/\/www.dorstener-tafel.de\/"},{"@type":"ListItem","position":2,"name":"Mitarbeiter\/innen gesucht!"}]},{"@type":"WebSite","@id":"https:\/\/www.dorstener-tafel.de\/#website","url":"https:\/\/www.dorstener-tafel.de\/","name":"Home | Tafel Dorsten","description":"","potentialAction":[{"@type":"SearchAction","target":{"@type":"EntryPoint","urlTemplate":"https:\/\/www.dorstener-tafel.de\/?s={search_term_string}"},"query-input":{"@type":"PropertyValueSpecification","valueRequired":true,"valueName":"search_term_string"}}],"inLanguage":"de"}]}},"_links":{"self":[{"href":"https:\/\/www.dorstener-tafel.de\/index.php?rest_route=\/wp\/v2\/pages\/1154","targetHints":{"allow":["GET"]}}],"collection":[{"href":"https:\/\/www.dorstener-tafel.de\/index.php?rest_route=\/wp\/v2\/pages"}],"about":[{"href":"https:\/\/www.dorstener-tafel.de\/index.php?rest_route=\/wp\/v2\/types\/page"}],"author":[{"embeddable":true,"href":"https:\/\/www.dorstener-tafel.de\/index.php?rest_route=\/wp\/v2\/users\/1"}],"replies":[{"embeddable":true,"href":"https:\/\/www.dorstener-tafel.de\/index.php?rest_route=%2Fwp%2Fv2%2Fcomments&post=1154"}],"version-history":[{"count":12,"href":"https:\/\/www.dorstener-tafel.de\/index.php?rest_route=\/wp\/v2\/pages\/1154\/revisions"}],"predecessor-version":[{"id":2649,"href":"https:\/\/www.dorstener-tafel.de\/index.php?rest_route=\/wp\/v2\/pages\/1154\/revisions\/2649"}],"wp:attachment":[{"href":"https:\/\/www.dorstener-tafel.de\/index.php?rest_route=%2Fwp%2Fv2%2Fmedia&parent=1154"}],"curies":[{"name":"wp","href":"https:\/\/api.w.org\/{rel}","templated":true}]}}